{"id":751,"date":"2019-10-27T21:42:03","date_gmt":"2019-10-27T20:42:03","guid":{"rendered":"http:\/\/notredamedestremy.be\/?page_id=751"},"modified":"2021-07-06T15:07:16","modified_gmt":"2021-07-06T13:07:16","slug":"reglement-dordre-interieur","status":"publish","type":"page","link":"https:\/\/notredamedestremy.be\/?page_id=751","title":{"rendered":"R\u00c8GLEMENT D&rsquo;ORDRE INT\u00c9RIEUR"},"content":{"rendered":"<p>Le Pouvoir Organisateur d\u00e9clare que l\u2019\u00e9cole appartient \u00e0 l\u2019enseignement confessionnel et plus pr\u00e9cis\u00e9ment \u00e0 l\u2019enseignement catholique. Il s\u2019est en effet engag\u00e9 \u00e0 l\u2019\u00e9gard des parents \u00e0 enseigner et \u00e0 \u00e9duquer les \u00e9l\u00e8ves en faisant r\u00e9f\u00e9rence \u00e0 J\u00e9sus-Christ et aux valeurs de l\u2019Evangile. Le projet \u00e9ducatif et p\u00e9dagogique du Pouvoir Organisateur dit comment celui-ci entend soutenir et mettre en \u0153uvre le projet global de l\u2019Enseignement Catholique.&nbsp;<\/p>\n<p>Pour remplir sa triple mission (former des personnes, former des acteurs \u00e9conomiques et sociaux, former des citoyens), l\u2019\u00e9cole doit organiser, avec ses diff\u00e9rents intervenants, les conditions de la vie en commun pour que :&nbsp;&nbsp;<\/p>\n<p>* chacun y trouve un cadre de vie favorable au travail et \u00e0 l&rsquo;\u00e9panouissement personnel ;&nbsp;&nbsp;<\/p>\n<p>* chacun puisse faire siennes des lois fondamentales qui r\u00e8glent les relations entre les personnes et la vie en soci\u00e9t\u00e9 ;&nbsp;&nbsp;<\/p>\n<p>* chacun apprenne \u00e0 respecter les autres dans leur personne et dans leurs activit\u00e9s ;&nbsp;&nbsp;<\/p>\n<p>* l&rsquo;on puisse apprendre \u00e0 chacun \u00e0 d\u00e9velopper des projets en groupe. Ceci suppose que soient d\u00e9finies certaines r\u00e8gles qui permettent \u00e0 chacun de se situer. Elles sont \u00e0 mettre en r\u00e9sonance avec les projets \u00e9ducatif et p\u00e9dagogique de l\u2019\u00e9tablissement ;&nbsp;&nbsp;<\/p>\n<p>* l\u2019on puisse assurer \u00e0 tous les m\u00eames chances de r\u00e9ussite.&nbsp;&nbsp;<\/p>\n<p>&nbsp;<\/p>\n<p>Le ROI s\u2019adresse aux \u00e9l\u00e8ves ainsi qu\u2019\u00e0 leurs parents. En effet, la vie en commun implique le respect de quelques r\u00e8gles au service de tous et pour remplir ses missions, l\u2019\u00e9cole doit organiser avec ses diff\u00e9rents intervenants les conditions de vie en commun. Le but du pr\u00e9sent document est donc d\u2019informer les \u00e9l\u00e8ves ainsi que leurs parents des r\u00e8gles qui r\u00e9gissent le bon fonctionnement de l\u2019\u00e9cole.&nbsp;<\/p>\n<p><span style=\"color: #0000ff;\"><strong><u>Comment s\u2019inscrire r\u00e9guli\u00e8rement\u202f?<\/u><\/strong>&nbsp;<\/span><\/p>\n<p>Dans l\u2019enseignement primaire, toute demande d\u2019inscription d\u2019un \u00e9l\u00e8ve \u00e9mane des parents ou de la personne l\u00e9galement responsable.&nbsp;<\/p>\n<p>Elle peut \u00e9galement \u00e9maner d\u2019une personne qui assure la garde de fait du mineur, pour autant que celle-ci puisse se pr\u00e9valoir d\u2019un mandat expr\u00e8s d\u2019une des personnes vis\u00e9es \u00e0 l\u2019alin\u00e9a 1 ou d\u2019un document administratif officiel \u00e9tablissant \u00e0 suffisance son droit de garde.&nbsp;<\/p>\n<p>La demande d\u2019inscription est introduite aupr\u00e8s de la direction de l\u2019\u00e9tablissement au plus tard le premier jour ouvrable du mois de septembre.&nbsp;<\/p>\n<p>Pour des raisons exceptionnelles et motiv\u00e9es, soumises \u00e0 l\u2019appr\u00e9ciation du chef de l\u2019\u00e9tablissement. Au-del\u00e0 de cette date, seul le Ministre peut accorder une d\u00e9rogation \u00e0 l\u2019\u00e9l\u00e8ve qui, pour des raisons exceptionnelles et motiv\u00e9es, n\u2019est pas r\u00e9guli\u00e8rement inscrit dans un \u00e9tablissement d\u2019enseignement.&nbsp; <u>Cette demande de d\u00e9rogation peut \u00eatre introduite par le chef d\u2019\u00e9tablissement dans les 5 jours d\u2019ouverture d\u2019\u00e9cole qui suivent l\u2019inscription provisoire de l\u2019\u00e9l\u00e8ve.<\/u>&nbsp;&nbsp;<\/p>\n<p>Avant inscription, l\u2019\u00e9l\u00e8ve et ses parents ont pu prendre connaissance des documents suivants:&nbsp;<\/p>\n<p>1\u00b0 &#8211; le projet \u00e9ducatif et le projet p\u00e9dagogique du Pouvoir Organisateur&nbsp;<\/p>\n<p>2\u00b0 &#8211; le projet d\u2019\u00e9tablissement&nbsp;<\/p>\n<p>3\u00b0 &#8211; le r\u00e8glement des \u00e9tudes&nbsp;<\/p>\n<p>4\u00b0 &#8211; le r\u00e8glement d\u2019ordre int\u00e9rieur&nbsp;<\/p>\n<p>5\u00b0 &#8211; Document relatif \u00e0 la gratuit\u00e9&nbsp;<\/p>\n<p>Par l\u2019inscription de l\u2019\u00e9l\u00e8ve dans l\u2019\u00e9tablissement, les parents et l\u2019\u00e9l\u00e8ve en acceptent le projet \u00e9ducatif, le projet p\u00e9dagogique, le projet d&rsquo;\u00e9tablissement, le r\u00e8glement des \u00e9tudes et le r\u00e8glement d&rsquo;ordre int\u00e9rieur.&nbsp;&nbsp;<\/p>\n<p>L\u2019inscription concr\u00e9tise un contrat entre l\u2019\u00e9l\u00e8ve, ses parents et l\u2019\u00e9cole. Ce contrat reconnait \u00e0 l&rsquo;\u00e9l\u00e8ve ainsi qu&rsquo;\u00e0 ses parents des droits mais aussi des obligations. Par ce contact, les parents adh\u00e8rent aux diff\u00e9rents projets et r\u00e8glements.&nbsp;<\/p>\n<p>Dans l\u2019enseignement maternel, la 1<sup>re<\/sup> inscription est re\u00e7ue toute l\u2019ann\u00e9e.&nbsp;<\/p>\n<p><span style=\"color: #0000ff;\"><strong><u>Les absences<\/u><\/strong>&nbsp;<\/span><\/p>\n<p><strong>Les parents doivent veiller \u00e0 ce que le jeune fr\u00e9quente r\u00e9guli\u00e8rement et assidument l\u2019\u00e9tablissement.<\/strong>&nbsp;&nbsp;<\/p>\n<p><u>Dans le cadre de la pr\u00e9vention contre le d\u00e9crochage scolaire<\/u>\u202f:&nbsp;&nbsp;<\/p>\n<p><strong>Au plus tard \u00e0 partir du 10<sup>e<\/sup> demi-jour d\u2019absence injustifi\u00e9e d\u2019un \u00e9l\u00e8ve, le chef d\u2019\u00e9tablissement le convoque ainsi que ses parents.<\/strong>&nbsp;<\/p>\n<p>Lors de l\u2019entrevue, le chef d\u2019\u00e9tablissement rappelle \u00e0 l\u2019\u00e9l\u00e8ve et \u00e0 ses parents les dispositions l\u00e9gales relatives \u00e0 l\u2019obligation scolaire.&nbsp; Il leur propose un programme de pr\u00e9vention de d\u00e9crochage scolaire.&nbsp;<\/p>\n<p>A d\u00e9faut de pr\u00e9sentation, le chef d\u2019\u00e9tablissement d\u00e9l\u00e8gue au domicile ou au lieu de r\u00e9sidence de l\u2019\u00e9l\u00e8ve un membre du personnel du centre PMS.&nbsp; Celui-ci \u00e9tablit un rapport de visite \u00e0 l\u2019attention du chef d\u2019\u00e9tablissement.&nbsp;<\/p>\n<p><strong>La maitrise des comp\u00e9tences et des mati\u00e8res d\u00e9pend de la r\u00e9gularit\u00e9 \u00e0 suivre assidument les cours et toutes les activit\u00e9s au programme.<\/strong>&nbsp;<\/p>\n<p><strong>En primaire et en 3<sup>e<\/sup> maternelle, toute absence doit \u00eatre justifi\u00e9e.&nbsp;&nbsp;<\/strong>&nbsp;<\/p>\n<ol>\n<li><strong> Les seuls motifs l\u00e9gaux sont les suivants\u202f:<\/strong><\/li>\n<\/ol>\n<p>&#8211; l\u2019indisposition ou la maladie de l\u2019\u00e9l\u00e8ve couverte par certificat m\u00e9dical ou une attestation d\u00e9livr\u00e9e par un centre hospitalier\u202f;&nbsp;<\/p>\n<p>&#8211; la convocation par une autorit\u00e9 publique ou la n\u00e9cessit\u00e9 pour l\u2019\u00e9l\u00e8ve de se rendre aupr\u00e8s de cette autorit\u00e9 qui lui d\u00e9livre une attestation\u202f;&nbsp;<\/p>\n<p>&#8211; le d\u00e9c\u00e8s d\u2019un parent ou alli\u00e9 de l\u2019\u00e9l\u00e8ve, au premier degr\u00e9\u202f; l\u2019absence ne peut d\u00e9passer 4 jours\u202f;&nbsp;<\/p>\n<p>&#8211; le d\u00e9c\u00e8s d\u2019un parent ou alli\u00e9 de l\u2019\u00e9l\u00e8ve, \u00e0 quelque degr\u00e9 que ce soit habitant&nbsp; sous le m\u00eame toit que l\u2019\u00e9l\u00e8ve\u202f; l\u2019absence ne peut d\u00e9passer 2 jours\u202f;&nbsp;<\/p>\n<p>&#8211; le d\u00e9c\u00e8s d\u2019un parent ou alli\u00e9 de l\u2019\u00e9l\u00e8ve, du 2<sup>e<\/sup> au 4<sup>e<\/sup> degr\u00e9, n\u2019habitant pas sous le m\u00eame toit que l\u2019\u00e9l\u00e8ve\u202f; l\u2019absence ne peut d\u00e9passer 1 jour\u202f;&nbsp;&nbsp;<\/p>\n<p>Pour que l\u2019absence soit valablement couverte,<strong> le justificatif doit \u00eatre remis \u00e0 son titulaire au plus tard le jour du retour <\/strong>de l\u2019\u00e9l\u00e8ve dans l\u2019\u00e9tablissement.<strong>&nbsp;&nbsp;<\/strong>&nbsp;<\/p>\n<p><strong>Si l\u2019absence dure plus de 3 jours, il doit \u00eatre remis au plus tard le 4<sup>e<\/sup> jour.<\/strong>&nbsp;<\/p>\n<p>&nbsp;<\/p>\n<ol start=\"2\">\n<li><strong> Le pouvoir d\u2019appr\u00e9ciation\u202f:<\/strong><\/li>\n<\/ol>\n<p>Les motifs autres que ceux repris ci-dessus sont laiss\u00e9s \u00e0 l\u2019appr\u00e9ciation du chef d\u2019\u00e9tablissement pour autant qu\u2019ils rel\u00e8vent de cas de force majeure ou de circonstances exceptionnelles li\u00e9s \u00e0 des probl\u00e8mes familiaux, de sant\u00e9 mentale ou physique de l\u2019\u00e9l\u00e8ve ou de transports.&nbsp;&nbsp;&nbsp;<\/p>\n<p>A cet \u00e9gard, il est d\u00e9raisonnable d\u2019assimiler \u00e0 une circonstance exceptionnelle <strong>le fait de prendre des vacances durant la p\u00e9riode scolaire<\/strong>. L\u2019appr\u00e9ciation doit \u00eatre motiv\u00e9e et sera conserv\u00e9e au sein de l\u2019\u00e9cole.&nbsp; La direction devra indiquer les motifs pr\u00e9cis pour lesquels elle reconnait le cas de force majeure ou de circonstance exceptionnelle.&nbsp; Le motif \u00ab\u202f<strong>raisons familiales<\/strong>\u202f\u00bb ne sera pas accept\u00e9.&nbsp;&nbsp;<\/p>\n<p>&nbsp;<\/p>\n<ol start=\"3\">\n<li><strong>Toute autre absence est consid\u00e9r\u00e9e comme injustifi\u00e9e<\/strong>.&nbsp;&nbsp;&nbsp;<\/li>\n<\/ol>\n<p>D\u00e8s que l\u2019\u00e9l\u00e8ve compte <strong>9 demi-jours<\/strong> d\u2019absence injustifi\u00e9e, <strong>le directeur le signalera imp\u00e9rativement au service du contr\u00f4le de l\u2019obligation scolaire de l\u2019Administration.<\/strong>&nbsp;<\/p>\n<p><strong>En maternel, \u00e0 partir du 1 septembre 2020,<\/strong> les enfants seront soumis \u00e0 l\u2019obligation scolaire. Ils seront donc soumis aux r\u00e8gles mentionn\u00e9es supra.&nbsp;&nbsp;<\/p>\n<p><strong>En maternel<\/strong>, pour les enfants non soumis \u00e0 l\u2019obligation scolaire, afin de respecter le travail des enseignants et l\u2019organisation des diff\u00e9rentes activit\u00e9s, <strong>il est demand\u00e9 aux parents d\u2019avertir l\u2019\u00e9cole en cas d\u2019absence<\/strong>.<\/p>\n<p>&nbsp;<\/p>\n<p><span style=\"color: #0000ff;\"><strong><u>L\u2019organisation scolaire<\/u><\/strong>&nbsp;&nbsp;<\/span><\/p>\n<p><strong><u>Ouverture de l\u2019\u00e9cole et &nbsp;garderies<\/u><\/strong>&nbsp;<\/p>\n<p>L\u2019\u00e9cole est ouverte d\u00e8s <strong>7h00<\/strong>.&nbsp;<\/p>\n<p>Apr\u00e8s les cours une garderie est organis\u00e9e jusque <strong>18h00 <\/strong>pour les enfants dont <strong>les parents travaillent<\/strong>.&nbsp;<\/p>\n<p>Le mercredi, les cours se terminent \u00e0 <strong>12h15<\/strong>.&nbsp;&nbsp;&nbsp;<\/p>\n<p>&nbsp;Selon l\u2019article 74 du d\u00e9cret \u00ab Missions \u00bb du 24 juillet 1997 d\u00e9finissant les missions prioritaires de l&rsquo;enseignement fondamental et de l&rsquo;enseignement secondaire et organisant les structures propres \u00e0 les atteindre, il est pr\u00e9vu que \u00ab <strong>sauf autorisation expresse du P.O. dans l\u2019enseignement subventionn\u00e9, les parents n\u2019ont pas acc\u00e8s aux locaux o\u00f9 se donnent les cours et les diff\u00e9rentes activit\u00e9s p\u00e9dagogiques durant la dur\u00e9e de ceux-ci<\/strong>. \u00bb&nbsp;<\/p>\n<p>&nbsp;<\/p>\n<p><span style=\"color: #0000ff;\"><strong><u>La journ\u00e9e de classe<\/u><\/strong>&nbsp;<\/span><\/p>\n<p>Le matin, les cours d\u00e9butent \u00e0 8h30 et se terminent \u00e0 12h15.&nbsp;<\/p>\n<p>A&nbsp; 8h15, les enfants de la garderie doivent se trouver dans la cour.&nbsp;<\/p>\n<p>L\u2019apr\u00e8s-midi, les cours d\u00e9butent \u00e0 13h40 et se terminent \u00e0 15h30.&nbsp;<\/p>\n<p>&nbsp;&nbsp;<\/p>\n<p><span style=\"color: #0000ff;\"><strong><u>R\u00e9cr\u00e9ations et&nbsp; temps de midi<\/u><\/strong>&nbsp;<\/span><\/p>\n<p>Pendant les r\u00e9cr\u00e9ations, tous les enfants quittent les b\u00e2timents pour se rendre dans la cour de r\u00e9cr\u00e9ation afin de s\u2019a\u00e9rer et de se d\u00e9tendre. En dehors des heures de cours, les \u00e9l\u00e8ves ne peuvent se trouver \u00e0 l\u2019int\u00e9rieur des b\u00e2timents (sauf pour rendre certains services, mais toujours sous la surveillance d\u2019un enseignant \u2013 ex\u202f: le rangement du r\u00e9fectoire).&nbsp;<\/p>\n<p>Pendant le temps de midi, seuls sont autoris\u00e9s \u00e0 quitter l\u2019\u00e9cole, les \u00e9l\u00e8ves qui rentrent diner \u00e0 la maison.<\/p>\n<p>La surveillance de midi est un service offert aux parents des enfants de l\u2019\u00e9cole. Cette surveillance est assur\u00e9e par des personnes ayant suivi une formation sp\u00e9cifique qui appliqueront le m\u00eame r\u00e8glement et les m\u00eames sanctions que le corps enseignant. &nbsp;La personne responsable du temps d\u2019accueil agit au m\u00eame titre qu\u2019un titulaire de classe et doit \u00eatre consid\u00e9r\u00e9 comme tel.&nbsp;&nbsp;<\/p>\n<p><u>Remarque importante\u202f:<\/u>&nbsp;<\/p>\n<p>La surveillance du temps de midi \u00e9tant un service offert par l\u2019\u00e9cole, la direction se r\u00e9serve le droit de prendre des mesures disciplinaires, pouvant aller jusqu\u2019\u00e0 l\u2019exclusion, envers les enfants qui par leur comportement mettraient en p\u00e9ril leur s\u00e9curit\u00e9 et\/ou celle des autres. Il en va de m\u00eame pour ceux dont les comportements seraient contraires aux r\u00e8gles de politesse. Ces situations doivent \u00eatre tout \u00e0 fait exceptionnelles.&nbsp;<\/p>\n<p><strong>Donc l\u2019enfant ne respectant pas les r\u00e8gles devra retourner \u00e0 la maison sur le temps de midi.<\/strong><\/p>\n<p><strong>&nbsp;<\/strong><\/p>\n<p><span style=\"color: #0000ff;\"><strong><u>Obligations pour l\u2019\u00e9l\u00e8ve<\/u><\/strong>&nbsp;<\/span><\/p>\n<p>L\u2019\u00e9l\u00e8ve est tenu de participer \u00e0 tous les cours.&nbsp;&nbsp;<\/p>\n<p>L\u2019\u00e9l\u00e8ve est tenu de participer \u00e0 toutes les activit\u00e9s p\u00e9dagogiques. Toute dispense \u00e9ventuelle ne peut \u00eatre accord\u00e9e que par le chef d&rsquo;\u00e9tablissement ou son d\u00e9l\u00e9gu\u00e9 apr\u00e8s demande \u00e9crite dument justifi\u00e9e.&nbsp; <strong>Les cours d\u2019\u00e9ducation physique ne peuvent \u00eatre suspendus que sous avis m\u00e9dical.<\/strong> Un travail individuel peut \u00eatre exig\u00e9 des \u00e9l\u00e8ves qui ne participent pas au cours.&nbsp;&nbsp;<\/p>\n<p>L\u2019\u00e9l\u00e8ve doit venir \u00e0 l\u2019\u00e9cole <strong>avec ses outils n\u00e9cessaires aux apprentissages<\/strong> du jour. Il doit \u00e9galement respecter les consignes et effectuer les t\u00e2ches demand\u00e9es avec soin et dans la bonne humeur.&nbsp;&nbsp;<\/p>\n<p>L\u2019\u00e9l\u00e8ve compl\u00e8tera quotidiennement son journal de classe ou son carnet de communication et <strong>le pr\u00e9sentera chaque soir \u00e0 ses parents<\/strong>.&nbsp;<\/p>\n<p>Le journal de classe doit \u00eatre sign\u00e9 par les parents <strong><u>tous les vendredis<\/u><\/strong>.&nbsp;<\/p>\n<p>L\u2019organisation de s\u00e9ances d\u2019initiation ax\u00e9es sur la musique, le cin\u00e9ma, le th\u00e9\u00e2tre\u2026 ainsi que la participation des \u00e9l\u00e8ves \u00e0 des manifestations s\u2019y rapportant peuvent \u00eatre pr\u00e9vues et font alors l\u2019objet soit d\u2019une communication dans le journal de classe, soit par mail.&nbsp;<\/p>\n<p>Des journ\u00e9es sportives, de classes vertes ou de d\u00e9paysement peuvent \u00eatre propos\u00e9es aux \u00e9l\u00e8ves aux moments jug\u00e9s opportuns par les enseignants et la direction.&nbsp;<\/p>\n<p>Toutes ces activit\u00e9s sont couvertes par l\u2019assurance scolaire.&nbsp;<\/p>\n<p><span style=\"color: #0000ff;\"><strong><u>La vie en communaut\u00e9<\/u><\/strong> <\/span><\/p>\n<p><span style=\"color: #339966;\"><strong>Respect de soi&nbsp;<\/strong><\/span><\/p>\n<p>&nbsp;&#8211; Attitudes et propos&nbsp;<\/p>\n<p>&#8211; Correction de la tenue, hygi\u00e8ne et s\u00e9curit\u00e9 (interdiction des piercings, tatouages).&nbsp;<\/p>\n<p>&nbsp;&nbsp;&nbsp; &#8211; L\u2019\u00e9cole n\u2019impose pas l\u2019uniforme, mais exige que les \u00e9l\u00e8ves soient v\u00eatus, tant en classe qu\u2019\u00e0 l\u2019ext\u00e9rieur, d\u2019une tenue propre, sobre, d\u00e9cente, excluant n\u00e9gligence ou excentricit\u00e9 et en ad\u00e9quation avec l\u2019activit\u00e9 scolaire.<\/p>\n<p>&nbsp;&nbsp;&nbsp; &#8211; Les \u00e9l\u00e8ves veilleront \u00e0 ne pas exhiber de sous-v\u00eatements.<\/p>\n<p>&nbsp;&nbsp;&nbsp; &#8211; Sont interdits les v\u00eatements et\/ou accessoires portant atteinte \u00e0 autrui, aux valeurs d\u00e9mocratiques ou interdits par la loi.<\/p>\n<p>&nbsp;&nbsp; &#8211; L\u2019\u00e9l\u00e8ve est pri\u00e9 de retirer tout couvre-chef, casquette, voile, foulard <strong>qui repr\u00e9senterait un signe de reconnaissance \u00e0 un groupe d&rsquo;appartenance quelconque<\/strong> \u00e0 l\u2019int\u00e9rieur des b\u00e2timents,&nbsp; dans l&rsquo;enceinte de l&rsquo;\u00e9cole mais \u00e9galement lors des activit\u00e9s sportives.<\/p>\n<p>&nbsp; &#8211; Dans le cas du non-respect de ces r\u00e8gles, la direction se r\u00e9serve le droit de renvoyer les \u00e9l\u00e8ves chez eux afin qu\u2019ils rev\u00eatent la tenue attendue et en informe les parents.<\/p>\n<p><span style=\"color: #339966;\"><strong>&nbsp;Respect des autres<\/strong><\/span><\/p>\n<p>&#8211; Politesse \u00e0 l\u2019\u00e9gard d\u2019autrui (bonjour, merci\u2026)&nbsp;<\/p>\n<p>&#8211; Comportement (respect des consignes donn\u00e9es, ponctualit\u00e9, calme, rapidit\u00e9, etc.)&nbsp;<\/p>\n<p>&#8211; Objets interdits (armes et tout objet pouvant \u00eatre utilis\u00e9 \u00e0 cette fin, <strong>GSM<\/strong>, MP3, jeux vid\u00e9o, IPOD, <strong>tablette<\/strong>&#8230;)&nbsp;&nbsp;<\/p>\n<p>L\u2019\u00e9cole rappelle qu\u2019il est strictement interdit, par l\u2019interm\u00e9diaire d\u2019un \u00e9crit, site internet quelconque ou tout autre moyen de communication (blog, GSM, r\u00e9seaux sociaux&#8230;)\u202f:&nbsp;&nbsp;<\/p>\n<p>&#8211;&nbsp;&nbsp;&nbsp; De porter atteinte \u00e0 l\u2019ordre public, aux bonnes m\u0153urs, \u00e0 la dignit\u00e9 des personnes ou \u00e0 la sensibilit\u00e9 des \u00e9l\u00e8ves les plus jeunes&nbsp;<\/p>\n<p>&#8211;&nbsp;&nbsp;&nbsp;&nbsp;De porter atteinte de quelque mani\u00e8re que ce soit aux <strong>droits \u00e0 la r\u00e9putation<\/strong>, \u00e0 <strong>la vie priv\u00e9e<\/strong> et \u00e0 <strong>l\u2019image<\/strong> de tiers, entre autres, au moyen de propos ou images d\u00e9nigrants, diffamatoires, injurieux\u2026\u202f;&nbsp;<\/p>\n<p>&#8211;&nbsp;&nbsp;&nbsp; D\u2019inciter \u00e0 toute forme de haine, violence, racisme&#8230;\u202f;&nbsp;<\/p>\n<p>&#8211;&nbsp;&nbsp;&nbsp; D\u2019inciter \u00e0 la discrimination d\u2019une personne ou d\u2019un groupe de personne\u202f;&nbsp;<\/p>\n<p>&#8211;&nbsp;&nbsp;&nbsp; De diffuser des informations qui peuvent ternir la r\u00e9putation de l\u2019\u00e9cole ou \u00eatre contraire \u00e0 la morale et aux lois en vigueur\u202f;&nbsp;<\/p>\n<p>&#8211;&nbsp;&nbsp;&nbsp; De diffuser des informations fausses, dangereuses ou irrespectueuses pour la sant\u00e9 ou la vie d\u2019autrui.&nbsp;<\/p>\n<p>Toute atteinte dont serait victime soit l\u2019\u00e9cole, soit un des membres de la communaut\u00e9 scolaire sera susceptible d\u2019une sanction disciplinaire.<\/p>\n<p><strong><u>R\u00e8glement concernant l\u2019utilisation des technologies de l\u2019information et de la communication (TIC)<\/u><\/strong>&nbsp;<\/p>\n<p>L\u2019\u00e9cole rappelle qu\u2019il est strictement interdit, par l\u2019interm\u00e9diaire d\u2019un \u00e9crit, site internet quelconque ou tout autre moyen de communication (blog, GSM, r\u00e9seaux sociaux \u2026) :&nbsp;&nbsp;<\/p>\n<p>&#8211; de porter atteinte \u00e0 l&rsquo;ordre public, aux bonnes m\u0153urs, \u00e0 la dignit\u00e9 des personnes ou \u00e0 la sensibilit\u00e9 des \u00e9l\u00e8ves les plus jeunes (par exemple, pas de production de site \u00e0 caract\u00e8re extr\u00e9miste, pornographique) ;&nbsp;<\/p>\n<p>&#8211; de porter atteinte de quelque mani\u00e8re que ce soit aux droits \u00e0 la r\u00e9putation, \u00e0 la vie priv\u00e9e et \u00e0 l\u2019image de tiers, entre autres, au moyen de propos ou images d\u00e9nigrantes, diffamatoires, injurieux \u2026 ;&nbsp;<\/p>\n<p>&#8211; de porter atteinte aux droits de propri\u00e9t\u00e9 intellectuelle, aux droits d\u2019auteur de quelque personne que ce soit (ex. : interaction de copie ou de t\u00e9l\u00e9chargement d\u2019\u0153uvre prot\u00e9g\u00e9e) &nbsp;&nbsp;<\/p>\n<p>&#8211; d\u2019utiliser, sans l\u2019autorisation pr\u00e9alable de l\u2019int\u00e9ress\u00e9 ou sans en mentionner la source (son auteur), des informations, donn\u00e9es, fichiers, films, photographies, logiciels, ou bases de donn\u00e9es qui ne lui appartiennent pas ou qui ne sont libres de droit ;&nbsp;<\/p>\n<p>&#8211; d&rsquo;inciter \u00e0 toute forme de haine, violence, racisme\u2026 ;&nbsp;&nbsp;<\/p>\n<p>&#8211; d\u2019inciter \u00e0 la discrimination d&rsquo;une personne ou d&rsquo;un groupe de personne ;&nbsp;<\/p>\n<p>&#8211; de diffuser des informations qui peuvent ternir la r\u00e9putation de l\u2019\u00e9cole ou \u00eatre contraire \u00e0 la morale et aux lois en vigueur ;&nbsp;&nbsp;<\/p>\n<p>&#8211; de diffuser des informations fausses ou dangereuses pour la sant\u00e9 ou la vie d\u2019autrui ;&nbsp;&nbsp;<\/p>\n<p>&#8211; d\u2019inclure sur son site des adresses renvoyant vers des sites ext\u00e9rieurs qui soient contraires aux lois et r\u00e8glements ou qui portent atteinte aux droits des tiers ;&nbsp;<\/p>\n<p>&#8211; de s\u2019adonner au piratage informatique tel qu\u2019incrimin\u00e9 par l\u2019article 550 ter du Code p\u00e9nal.&nbsp;&nbsp;<\/p>\n<p>Toute atteinte dont serait victime soit l\u2019\u00e9cole, soit un des membres de la communaut\u00e9 scolaire sera susceptible d\u2019une sanction disciplinaire, telle que pr\u00e9vue au chapitre VI du pr\u00e9sent document.&nbsp;<\/p>\n<p>Avertissement relatif \u00e0 la protection de la vie priv\u00e9e : les fournisseurs d\u2019acc\u00e8s Internet ont l\u2019obligation de surveiller ce qui se passe sur leur r\u00e9seau (sites, chat, news, mail\u2026). Lorsque les \u00e9l\u00e8ves utilisent le r\u00e9seau p\u00e9dagogique de l\u2019\u00e9cole, ils sont bien conscients que cette connexion n\u2019est ni personnelle, ni priv\u00e9e et que cette activit\u00e9 est trac\u00e9e (enregistr\u00e9e) et susceptible d\u2019\u00eatre contr\u00f4l\u00e9e.&nbsp;<\/p>\n<p>&nbsp;<\/p>\n<p><span style=\"color: #0000ff;\"><strong><u>Les photos\/vid\u00e9os&nbsp;<\/u><\/strong>&nbsp;<\/span><\/p>\n<p>Photos sur le site internet de l\u2019\u00e9cole : toute photo\/vid\u00e9o faite dans le cadre scolaire est susceptible d\u2019\u00eatre publi\u00e9e sur le site internet, blog et page Facebook de l\u2019\u00e9cole. L\u2019accord \u00e9crit des parents sera demand\u00e9 au pr\u00e9alable. Les parents veilleront \u00e9galement \u00e0 respecter le droit \u00e0 l\u2019image dans leur utilisation priv\u00e9e des r\u00e9seaux sociaux.&nbsp;<\/p>\n<p>Les photos de classes, de groupes \u00e0 l\u2019occasion d\u2019activit\u00e9s scolaires peuvent \u00eatre utilis\u00e9es \u00e0 des fins d\u2019illustration de ces \u00e9v\u00e8nements.&nbsp;&nbsp;<\/p>\n<p><span style=\"color: #0000ff;\"><strong><u>Traitement des donn\u00e9es personnelles<\/u><\/strong><u>\u202f<\/u><\/span>:&nbsp;<\/p>\n<p>Les donn\u00e9es personnelles communiqu\u00e9es lors de l\u2019inscription ou en cours d\u2019ann\u00e9e sont trait\u00e9es par les membres du personnel de notre \u00e9tablissement conform\u00e9ment aux dispositions du R\u00e8glement G\u00e9n\u00e9ral europ\u00e9en pour la Protection des donn\u00e9es (RGPD) en vigueur depuis mai 2018. Une d\u00e9claration de protection des donn\u00e9es personnelles des \u00e9l\u00e8ves et des responsables l\u00e9gaux est disponible au secr\u00e9tariat sur simple demande.&nbsp;&nbsp;<\/p>\n<ol>\n<li><span style=\"color: #339966;\"><strong> Respect des lieux<\/strong><\/span><\/li>\n<\/ol>\n<p>Toute d\u00e9gradation ou d\u00e9t\u00e9rioration volontaire d\u2019un bien appartenant \u00e0 l\u2019\u00e9cole entrainera une sanction s\u00e9v\u00e8re. Les d\u00e9g\u00e2ts seront factur\u00e9s aux parents de l\u2019\u00e9l\u00e8ve responsable.&nbsp;&nbsp;<\/p>\n<p>Dans le but \u00e9vident de propret\u00e9, il est demand\u00e9 aux enfants de jeter leurs d\u00e9chets uniquement dans les poubelles pr\u00e9vues \u00e0 cet effet.&nbsp;&nbsp;<\/p>\n<p>Chaque classe sera responsable de son local : \u00e0 la fin de la journ\u00e9e, aucun papier ni autre d\u00e9chet devront trainer par terre : ils seront d\u00e9pos\u00e9s dans la poubelle ad\u00e9quate.&nbsp;<\/p>\n<p><span style=\"color: #339966;\"><strong>Respect de l\u2019autorit\u00e9<\/strong><\/span><\/p>\n<p>&#8211; Discipline en classe et lors des activit\u00e9s extrascolaires.&nbsp; Dans la cour et pendant l\u2019accueil extrascolaire.&nbsp;<\/p>\n<p>&nbsp;&nbsp; &nbsp; &#8211; Politesse et respect envers tous les adultes de l\u2019\u00e9cole et envers condisciples.<\/p>\n<p>&nbsp;<\/p>\n<p><span style=\"color: #0000ff;\"><strong><u>Les assurances<\/u><\/strong>&nbsp;<\/span><\/p>\n<p>Tout accident, quelle qu\u2019en soit la nature, dont est victime un \u00e9l\u00e8ve dans le cadre de l\u2019activit\u00e9 scolaire, doit \u00eatre signal\u00e9 dans les meilleurs d\u00e9lais \u00e0 l\u2019\u00e9cole, aupr\u00e8s du titulaire ou de la direction.&nbsp;<\/p>\n<p>Le Pouvoir Organisateur a souscrit des polices collectives d\u2019assurances scolaires qui comportent deux volets : l\u2019assurance responsabilit\u00e9 civile et l\u2019assurance couvrant les accidents corporels survenus \u00e0 l&rsquo;assur\u00e9.&nbsp;<\/p>\n<p><strong>La responsabilit\u00e9 civile que les assur\u00e9s pourraient encourir sur le chemin de l\u2019\u00e9tablissement n\u2019est pas couverte.&nbsp;<\/strong><\/p>\n<p>&nbsp;<\/p>\n<table width=\"100%\">\n<tbody>\n<tr>\n<td>\n<h3><span style=\"color: #ff0000;\"><strong>Les 5 lois de l\u2019\u00e9cole<\/strong><\/span><\/h3>\n<\/td>\n<\/tr>\n<\/tbody>\n<\/table>\n<ul>\n<li>Je suis toujours au bon endroit au bon moment et je reste dans l&rsquo;enceinte de l&rsquo;\u00e9cole (sauf autorisation d&rsquo;un adulte).<strong> <br><\/strong><\/li>\n<\/ul>\n<ul>\n<li>Je joue et je vis sans geste qui pourrait faire mal ou qui pourrait g\u00eaner l&rsquo;intimit\u00e9.<\/li>\n<\/ul>\n<ul>\n<li>Je m&rsquo;exprime sans parole, geste ou attitude qui pourrait faire mal (insultes, moqueries, menaces, racket).<\/li>\n<\/ul>\n<ul>\n<li>Je vis en prenant soin du mat\u00e9riel (de l&rsquo;\u00e9cole et des autres), je garde mon \u00e9cole propre et en bon \u00e9tat.<\/li>\n<\/ul>\n<ul>\n<li>Je vis en respectant les r\u00e8glements sp\u00e9cifiques aux diff\u00e9rents lieux de vies.<\/li>\n<\/ul>\n<p><strong>&nbsp;<\/strong><strong>&nbsp;<\/strong><\/p>\n<p><span style=\"color: #0000ff;\">&nbsp;<strong>La discipline au sein de l&rsquo;\u00e9cole<\/strong><\/span><\/p>\n<p>Notre \u00e9cole s&rsquo;est dot\u00e9e de 5 lois fondamentales qui sont d&rsquo;application d\u00e8s l&rsquo;entr\u00e9e de l&rsquo;enfant au sein de celle-ci.&nbsp;&nbsp;&nbsp;&nbsp;&nbsp;&nbsp;&nbsp;&nbsp;&nbsp;<\/p>\n<p>A c\u00f4t\u00e9 de ces lois, des proc\u00e9dures propres \u00e0 l&rsquo;\u00e9cole et \u00e0 la classe seront l&rsquo;objet d&rsquo;apprentissages sp\u00e9cifiques en lien avec le programme de l\u2019\u00e9ducation \u00e0 la citoyennet\u00e9 dont les objectifs sont de d\u00e9velopper la capacit\u00e9 de vivre ensemble de mani\u00e8re harmonieuse dans la soci\u00e9t\u00e9 comme personne, sujet de droits et de devoirs, libre, responsable, solidaire, autonome, ins\u00e9r\u00e9 dans celle-ci et capable d&rsquo;esprit critique et de questionnement philosophique.<\/p>\n<p><span style=\"color: #008000;\"><strong>L\u2019enfant veillera, d\u00e8s lors \u00e0:<\/strong><\/span><\/p>\n<p><span style=\"color: #008000;\"><strong>&nbsp;\u00abFaire de son mieux pour d\u00e9velopper des savoirs-\u00eatre.\u00bb<\/strong><\/span><\/p>\n<p><span style=\"color: #008000;\"><strong>&nbsp;\u00abFaire de son mieux pour d\u00e9velopper ses savoirs et savoir-faire.\u00bb<\/strong><strong>&nbsp;<\/strong><\/span><\/p>\n<p><strong>Si toutefois, l&rsquo;enfant d\u00e9roge \u00e0 ces 5 lois, alors des proc\u00e9dures seront mises en place en r\u00e9flexion avec l&rsquo;\u00e9quipe.<\/strong>&nbsp;&nbsp;&nbsp;&nbsp;&nbsp;&nbsp;&nbsp;&nbsp;&nbsp;&nbsp;&nbsp;&nbsp;&nbsp;&nbsp;&nbsp;&nbsp;&nbsp;&nbsp;&nbsp;&nbsp;&nbsp;&nbsp;&nbsp;&nbsp;&nbsp;&nbsp;&nbsp;&nbsp;&nbsp;&nbsp;&nbsp;&nbsp;&nbsp;&nbsp;&nbsp;&nbsp;&nbsp;&nbsp;&nbsp;&nbsp;&nbsp;&nbsp;&nbsp;&nbsp;&nbsp;&nbsp;&nbsp;&nbsp;<\/p>\n<p><strong>Nous d\u00e9velopperons une proc\u00e9dure de sanctions.<\/strong><\/p>\n<p>Celles-ci seront effectives pour tout acte, comportement ou attention r\u00e9pr\u00e9hensibles commis non seulement dans <strong>l&rsquo;enceinte de l&rsquo;\u00e9cole<\/strong> mais aussi dans <strong>les parties publiques visibles<\/strong> <strong>hors de l&rsquo;\u00e9cole<\/strong>, si ceux-ci ont une incidence sur la bonne marche de l&rsquo;\u00e9cole et ce tant <strong>lors du temps scolaire<\/strong> que <strong>lors des garderies<\/strong>.<\/p>\n<p>Les faits graves pouvant justifier l&rsquo;exclusion comme d\u00e9finitive sont en accord avec l&rsquo;arr\u00eat\u00e9 du 18 janvier 2008 cit\u00e9s aux articles 81 et 89 du d\u00e9cret du 24 juillet 1997.<\/p>\n<p>Selon la gravit\u00e9 des faits, la sanction d&rsquo;exclusion sera prise sans passer par les diff\u00e9rentes \u00e9tapes.<strong>&nbsp;<\/strong><\/p>\n<p><span style=\"color: #0000ff;\"><strong><u>De la maternelle \u00e0 la sixi\u00e8me primaire<\/u><\/strong><\/span><\/p>\n<p><span style=\"color: #ff6600;\"><strong>Gestion imm\u00e9diate<\/strong><\/span><\/p>\n<p>-Confiscation.<\/p>\n<p>-Rappel verbal du r\u00e8glement.<\/p>\n<p>-Isolement au sein du groupe.<\/p>\n<p>-Isolement hors du groupe<\/p>\n<p><span style=\"color: #ff6600;\"><strong>R\u00e9parations<\/strong><\/span><\/p>\n<p>-Lettre\/dessin d&rsquo;excuse.<\/p>\n<p>-Excuse orale.<\/p>\n<p>-Rendre un service.<\/p>\n<p>-Travail d&rsquo;int\u00e9r\u00eat g\u00e9n\u00e9ral.<\/p>\n<p><span style=\"color: #ff6600;\"><strong>Petites sanctions&nbsp; =&nbsp; sanctions oranges<\/strong><\/span><\/p>\n<p>-Suppression d&rsquo;un temps de r\u00e9cr\u00e9ation.<\/p>\n<p>-Suppression d&rsquo;une r\u00e9cr\u00e9ation.<\/p>\n<p>-Suppression de plusieurs r\u00e9cr\u00e9ations.<\/p>\n<p><strong><span style=\"color: #ff6600;\">Sanctions plus cons\u00e9quentes&nbsp; = sanction rouge\/brune\/violette\/noire<\/span> <\/strong><\/p>\n<p>-Suppression d&rsquo;une activit\u00e9.<\/p>\n<p><span style=\"color: #0000ff;\"><strong><u>Ne concerne que les \u00e9l\u00e8ves de la premi\u00e8re \u00e0 la sixi\u00e8me primaire<\/u><\/strong><strong>&nbsp;<\/strong><\/span><strong>&nbsp;<\/strong><\/p>\n<p>Lors de renvoi, la direction informe le Pouvoir Organisateur des r\u00e9cidives de l&rsquo;enfant.<\/p>\n<p>L&rsquo;exclusion provisoire d&rsquo;un \u00e9tablissement ou d&rsquo;un cours ne peut, dans le courant d&rsquo;une m\u00eame ann\u00e9e scolaire, exc\u00e9der 12 demi-journ\u00e9es. A la demande du chef d&rsquo;\u00e9tablissement, le ministre peut d\u00e9roger \u00e0 ce principe dans des circonstances exceptionnelles.<\/p>\n<p><strong>-Renvoi d&rsquo;un jour en interne&nbsp;: <\/strong>l&rsquo;\u00e9l\u00e8ve devra \u00eatre pr\u00e9sent \u00e0 l&rsquo;\u00e9cole en dehors de sa classe et il devra effectuer la r\u00e9paration en lien avec la loi non respect\u00e9e. (Selon la loi d\u00e9cr\u00e9tale de juillet 1997).<\/p>\n<p><strong>-Renvoi de 2 jours en externe&nbsp;: <\/strong>la direction informe le Pouvoir Organisateur des r\u00e9cidives de l&rsquo;enfant.<\/p>\n<p><strong>Les 2 jours de renvoi <\/strong>lui seront signifi\u00e9s, ainsi qu&rsquo;\u00e0 ses parents, par l&rsquo;envoi d&rsquo;une lettre, ainsi qu&rsquo;\u00e0 la Direction g\u00e9n\u00e9rale de l&rsquo;Enseignement.<\/p>\n<p>L&rsquo;enfant ne sera pas pr\u00e9sent \u00e0 l\u2019\u00e9cole. (Selon la loi d\u00e9cr\u00e9tale de juillet 1997).<\/p>\n<p>Si malgr\u00e9 toutes les proc\u00e9dures mises en place pour que votre enfant construise son apprentissage sociale, il ne rencontre pas les attentes souhait\u00e9es, nous serons dans l&rsquo;obligation de proc\u00e9der \u00e0 un renvoi d\u00e9finitif avec ou non \u00e9cartement provisoire qui vous sera signifi\u00e9 via une lettre recommand\u00e9e envoy\u00e9e par le PO, (selon la loi d\u00e9cr\u00e9tale de juillet 1997), ainsi qu&rsquo;au CPMS. Celui-ci se chargera de lui trouver une autre \u00e9cole pour l&rsquo;y accueillir.&nbsp; Ceci rel\u00e8ve d&rsquo;un caract\u00e8re exceptionnel.<\/p>\n<p><strong>Nous mettons, dans notre \u00e9tablissement<\/strong> <strong>l&rsquo;accent sur la pr\u00e9vention, mais nous ne pourrons tol\u00e9rer que la vie scolaire soit perturb\u00e9e d\u00e9lib\u00e9r\u00e9ment.<\/strong><\/p>\n<p><span style=\"color: #0000ff;\"><strong><u>L\u2019exclusion d\u00e9finitive<\/u><\/strong>&nbsp;<\/span><\/p>\n<p>Un \u00e9l\u00e8ve r\u00e9guli\u00e8rement inscrit dans un \u00e9tablissement d&rsquo;enseignement subventionn\u00e9 ne peut en \u00eatre exclu d\u00e9finitivement que si les faits dont l&rsquo;\u00e9l\u00e8ve s&rsquo;est rendu coupable portent atteinte \u00e0 l&rsquo;int\u00e9grit\u00e9 physique, psychologique ou morale d&rsquo;un membre du personnel ou d&rsquo;un \u00e9l\u00e8ve, compromettent l&rsquo;organisation ou la bonne marche de l&rsquo;\u00e9tablissement ou lui font subir un pr\u00e9judice mat\u00e9riel ou moral grave.&nbsp;<strong>Sont notamment consid\u00e9r\u00e9s comme fait pouvant entrainer l\u2019exclusion d\u00e9finitive de l\u2019\u00e9l\u00e8ve\u202f:<\/strong>&nbsp;<\/p>\n<ol>\n<li><span style=\"color: #0000ff;\"><span style=\"color: #000000;\">1<\/span>. <strong>Dans l\u2019enceinte de l\u2019\u00e9tablissement ou hors de celle-ci<\/strong><\/span>\u202f:&nbsp;<\/li>\n<\/ol>\n<p>&#8211; tout coup et blessure port\u00e9s sciemment par un \u00e9l\u00e8ve \u00e0 un autre \u00e9l\u00e8ve ou \u00e0 un membre du personnel de l\u2019\u00e9tablissement\u202f;&nbsp;<\/p>\n<p>&#8211; le fait d\u2019exercer sciemment et de mani\u00e8re r\u00e9p\u00e9t\u00e9e sur un autre \u00e9l\u00e8ve ou un membre du personnel de l\u2019\u00e9tablissement une pression psychologique insupportable, par menaces, insultes, injures, calomnies ou diffamation\u202f;&nbsp;<\/p>\n<p>&#8211; le racket \u00e0 l\u2019encontre d\u2019un autre \u00e9l\u00e8ve de l\u2019\u00e9tablissement\u202f;&nbsp;<\/p>\n<p>&#8211; tout acte de violence sexuelle \u00e0 l\u2019encontre d\u2019un \u00e9l\u00e8ve ou d\u2019un membre du personnel de l\u2019\u00e9tablissement.&nbsp;<\/p>\n<p>&#8211; la sixi\u00e8me sanction relative au non-respect des quatre lois \u00e9tablies dans l\u2019\u00e9cole.&nbsp;<\/p>\n<p>&nbsp;<\/p>\n<ol start=\"2\">\n<li><strong><span style=\"color: #0000ff;\"> Dans l\u2019enceinte de l\u2019\u00e9tablissement, sur le chemin de celui-ci ou dans le cadre d\u2019activit\u00e9s scolaires organis\u00e9es en dehors de l\u2019enceinte de l\u2019\u00e9cole\u202f:<\/span>&nbsp;<\/strong><\/li>\n<\/ol>\n<p>&#8211; la d\u00e9tention ou l\u2019usage d\u2019une arme.&nbsp;<\/p>\n<p>Les sanctions d\u2019exclusion d\u00e9finitive et de refus de r\u00e9inscription sont prononc\u00e9es par le d\u00e9l\u00e9gu\u00e9 du Pouvoir Organisateur (par le chef d\u2019\u00e9tablissement), conform\u00e9ment \u00e0 la proc\u00e9dure l\u00e9gale.&nbsp;<\/p>\n<p>Pr\u00e9alablement \u00e0 toute exclusion d\u00e9finitive ou en cas de refus de r\u00e9inscription, le chef d\u2019\u00e9tablissement convoquera l\u2019\u00e9l\u00e8ve et ses parents ou la personne investie de l\u2019autorit\u00e9 parentale, par lettre recommand\u00e9e avec accus\u00e9 de r\u00e9ception. Cette audition a lieu au plus t\u00f4t le 4<sup>e<\/sup> jour ouvrable qui suit la notification de la convocation envoy\u00e9e par recommander. Le chef d\u2019\u00e9tablissement veillera \u00e0 informer au plus t\u00f4t le CPMS de la situation de l\u2019\u00e9l\u00e8ve dont le comportement pourrait conduire \u00e0 une mesure d\u2019exclusion.&nbsp;&nbsp;<\/p>\n<p>La convocation reprend les griefs formul\u00e9s \u00e0 l\u2019encontre de l\u2019\u00e9l\u00e8ve et indique les possibilit\u00e9s d\u2019acc\u00e8s au dossier disciplinaire.&nbsp;&nbsp;<\/p>\n<p>Lors de l\u2019entretien, les parents ou la personne responsable peuvent se faire assister par un conseil.&nbsp;<\/p>\n<p>Au terme de l\u2019entretien, les parents ou la personne investie de l\u2019autorit\u00e9 parentale signe(nt) le proc\u00e8s-verbal de l\u2019audition.&nbsp; Au cas o\u00f9 ceux-ci ou celle-ci refuserai(ent) de signer le document, cela est constat\u00e9 par un membre du personnel enseignant ou auxiliaire d\u2019\u00e9ducation et n\u2019emp\u00eache pas la poursuite de la proc\u00e9dure.&nbsp;<\/p>\n<p>Si les parents ou la personne investie de l\u2019autorit\u00e9 parentale ne donnent pas de suite \u00e0 la convocation, un proc\u00e8s-verbal de carence est \u00e9tabli et la proc\u00e9dure disciplinaire peut suivre normalement son cours.&nbsp;<\/p>\n<p>Pr\u00e9alablement \u00e0 toute exclusion d\u00e9finitive, le chef d\u2019\u00e9tablissement prend l\u2019avis du corps enseignant si la gravit\u00e9 des faits le justifie, le PO ou son d\u00e9l\u00e9gu\u00e9 peut \u00e9carter provisoirement l\u2019\u00e9l\u00e8ve de l\u2019\u00e9cole pendant la dur\u00e9e de la proc\u00e9dure d\u2019exclusion.&nbsp; Cet \u00e9cartement ne peut d\u00e9passer 10 jours d\u2019ouverture d\u2019\u00e9cole.&nbsp;<\/p>\n<p>L\u2019exclusion d\u00e9finitive dument motiv\u00e9e est prononc\u00e9e par le Pouvoir Organisateur (ou son d\u00e9l\u00e9gu\u00e9) et est signifi\u00e9e par lettre recommand\u00e9e avec accus\u00e9 de r\u00e9ception, aux parents ou \u00e0 la personne investie de l\u2019autorit\u00e9 parentale.&nbsp;<\/p>\n<p>La lettre recommand\u00e9e fera mention de la possibilit\u00e9 de recours contre la d\u00e9cision du chef d\u2019\u00e9tablissement, si celui-ci est d\u00e9l\u00e9gu\u00e9 par le Pouvoir Organisateur en mati\u00e8re d\u2019exclusion.&nbsp; La lettre recommand\u00e9e fera \u00e9galement mention des services auxquels une aide peut \u00eatre obtenue pour la r\u00e9inscription.&nbsp;<\/p>\n<p>Les parents, ou la personne investie de l\u2019autorit\u00e9 parentale, disposent d\u2019un droit de recours \u00e0 l\u2019encontre de la d\u00e9cision prononc\u00e9e par le d\u00e9l\u00e9gu\u00e9 du Pouvoir Organisateur, devant le Conseil d\u2019administration du Pouvoir Organisateur.&nbsp;<\/p>\n<p>Sous peine de nullit\u00e9, ce recours sera introduit par lettre recommand\u00e9e adress\u00e9e au Pouvoir Organisateur dans les 10 jours ouvrables qui suivent la notification de la d\u00e9cision d\u2019exclusion d\u00e9finitive. Le recours n\u2019est pas suspensif de l\u2019application de la sanction.&nbsp;<\/p>\n<p>Le conseil d\u2019administration statue sur ce recours au plus tard le 15<sup>e<\/sup> jour d\u2019ouverture d\u2019\u00e9cole qui suit la r\u00e9ception du recours. Lorsque le recours est re\u00e7u pendant les vacances d\u2019\u00e9t\u00e9, le conseil d\u2019administration doit statuer pour le 20 ao\u00fbt.&nbsp;<\/p>\n<p>Le refus de r\u00e9inscription l\u2019ann\u00e9e scolaire suivante est trait\u00e9 comme une exclusion d\u00e9finitive.&nbsp;<\/p>\n<p><span style=\"color: #0000ff;\"><strong><u>Les frais scolaires<\/u><\/strong>&nbsp;&nbsp;<\/span><\/p>\n<p>1) L\u2019estimation du montant des frais r\u00e9clam\u00e9s et de leur ventilation fera l\u2019objet d\u2019une communication \u00e9crite aux parents.&nbsp;&nbsp;<\/p>\n<p>2) Par le seul fait de la fr\u00e9quentation de l\u2019\u00e9tablissement par l\u2019\u00e9l\u00e8ve, ses parents s\u2019engagent \u00e0 s\u2019acquitter des frais scolaires r\u00e9clam\u00e9s par l&rsquo;\u00e9tablissement.&nbsp;&nbsp;<\/p>\n<p>&nbsp;&nbsp;<\/p>\n<p>&nbsp;<u>En ce qui concerne la mission de l\u2019enseignement<\/u> :&nbsp;&nbsp;<\/p>\n<ol>\n<li><span style=\"color: #0000ff;\"><strong>Les frais obligatoires sont les suivants<\/strong><\/span> :&nbsp;&nbsp;<\/li>\n<\/ol>\n<p>&#8211; les frais d\u2019acc\u00e8s et les frais de d\u00e9placement \u00e0 la piscine ;&nbsp;<\/p>\n<p>&nbsp;&#8211; les frais d\u2019acc\u00e8s et les frais de d\u00e9placement vers les activit\u00e9s culturelles et sportives ;&nbsp;&nbsp;<\/p>\n<p>&#8211; les s\u00e9jours p\u00e9dagogiques avec nuit\u00e9es (et les frais de d\u00e9placement).&nbsp;&nbsp;<\/p>\n<p>&nbsp;<\/p>\n<ol start=\"2\">\n<li><strong><span style=\"color: #0000ff;\"> Les frais ne pouvant pas \u00eatre r\u00e9clam\u00e9s aux parents<\/span> :<\/strong><\/li>\n<\/ol>\n<p>&#8211; les photocopies ;&nbsp;&nbsp;<\/p>\n<p>&#8211; le journal de classe ;&nbsp;&nbsp;<\/p>\n<p>&#8211; Le pr\u00eat de livre ;&nbsp;&nbsp;<\/p>\n<p>&#8211; Les frais aff\u00e9rents au fonctionnement de l\u2019\u00e9cole ;&nbsp;&nbsp;<\/p>\n<p>&#8211; Bulletin.&nbsp;<\/p>\n<p>En dehors de sa mission d\u2019enseignement, l\u2019\u00e9cole propose une s\u00e9rie de services (ex. : garderie, soupe&#8230;). Lorsque les parents inscrivent leur enfant \u00e0 ce type de services, ils sont tenus contractuellement de payer les frais inh\u00e9rents \u00e0 ces services.&nbsp;&nbsp;<\/p>\n<p>Tout au long de l\u2019ann\u00e9e scolaire, le P.O. remet des d\u00e9comptes p\u00e9riodiques d\u00e9taillant au minimum l\u2019ensemble des frais r\u00e9clam\u00e9s, leurs montants, leurs objets et le caract\u00e8re obligatoire, facultatif ou services propos\u00e9s des montants r\u00e9clam\u00e9s. Cette disposition sera d\u2019application \u00e0 partir du 1er septembre 2015 .<\/p>\n<p>Le pouvoir organisateur pr\u00e9voit la possibilit\u00e9 d\u2019\u00e9chelonner sur plusieurs d\u00e9comptes p\u00e9riodiques les frais dont le montant exc\u00e8de 50 \u20ac.&nbsp;<\/p>\n<p>&nbsp;Les parents qui souhaitent b\u00e9n\u00e9ficier de cette modalit\u00e9 peuvent prendre contact avec la personne responsable qui leur transmettra toutes les informations n\u00e9cessaires.&nbsp;&nbsp;&nbsp;<\/p>\n<p>Les parents s\u2019engagent au paiement des frais obligatoires, ainsi que des frais facultatifs et des services auxquels ils ont souscrit.&nbsp;<\/p>\n<p>&nbsp;Le Pouvoir Organisateur pr\u00e9cisera, le cas \u00e9ch\u00e9ant, la proc\u00e9dure de r\u00e9cup\u00e9ration des factures impay\u00e9es, ainsi que les \u00e9ventuels frais et int\u00e9r\u00eats de retard, par exemple :&nbsp;<\/p>\n<p>&nbsp;&#8211; En cas de non-paiement, un courrier de rappel sera envoy\u00e9 aux parents. A d\u00e9faut pour les parents d\u2019avoir proc\u00e9d\u00e9 au paiement, malgr\u00e9 le courrier de rappel, une mise en demeure formelle leur sera adress\u00e9e leur signifiant l\u2019obligation de s\u2019acquitter du paiement des frais qui leurs sont r\u00e9clam\u00e9s.&nbsp;&nbsp;<\/p>\n<p>&#8211; L\u2019\u00e9cole se r\u00e9serve alors le droit de r\u00e9clamer aux parents des indemnit\u00e9s relatives aux frais administratifs engendr\u00e9s par le non-paiement des montants demand\u00e9s (soit 8 % maximum du montant r\u00e9clam\u00e9) ainsi que des int\u00e9r\u00eats de retard y aff\u00e9rent (8 % maximum l\u2019an sur les sommes dues).&nbsp;<\/p>\n<p>&nbsp;&#8211; En cas de non-r\u00e9action dans le chef des parents et de non-paiement, l\u2019\u00e9cole se r\u00e9serve le droit de faire appel \u00e0 une soci\u00e9t\u00e9 de recouvrement. Les parents supporteront alors les frais d\u2019intervention de cette soci\u00e9t\u00e9. &#8211; En outre pour toute somme due par l\u2019\u00e9cole aux parents pour lequel l\u2019\u00e9cole accuse un retard de paiement, les parents peuvent avoir droit \u00e0 une indemnit\u00e9 de retard de 8 % ainsi que des int\u00e9r\u00eats de retard de 8 % l\u2019an sur les sommes dues apr\u00e8s mise en demeure.&nbsp;<\/p>\n<p>&nbsp;<\/p>\n<p><em><strong>ARTICLE 100 DU DECRET \u00ab MISSIONS \u00bb DU 24 JUILLET 1997<\/strong> : \u00a7 1er. Des dotations et des subventions de fonctionnement annuelles et forfaitaires sont accord\u00e9es pour couvrir les frais aff\u00e9rents au fonctionnement et \u00e0 l\u2019\u00e9quipement des \u00e9coles, et \u00e0 la distribution gratuite de manuels et de fournitures scolaires aux \u00e9l\u00e8ves soumis \u00e0 l\u2019obligation scolaire. En outre, dans l\u2019enseignement maternel ordinaire et sp\u00e9cialis\u00e9, il est octroy\u00e9 aux \u00e9coles organis\u00e9es ou subventionn\u00e9es un montant forfaitaire de 50 euros par \u00e9l\u00e8ve inscrit, affect\u00e9 sp\u00e9cifiquement aux frais et fournitures scolaires. Ce montant vise prioritairement l\u2019achat des fournitures scolaires d\u00e9finies comme \u00e9tant tous les mat\u00e9riels n\u00e9cessaires \u00e0 l\u2019atteinte des comp\u00e9tences de base telles que d\u00e9finies dans les socles de comp\u00e9tences initiales de la Communaut\u00e9 fran\u00e7aise. Ce montant peut \u00e9galement couvrir les frais scolaires li\u00e9s \u00e0 l\u2019organisation d\u2019activit\u00e9s scolaires ou de s\u00e9jours p\u00e9dagogiques avec nuit\u00e9e(s). Ce montant est vers\u00e9 chaque ann\u00e9e au mois de mars. Il est calcul\u00e9 sur la base du nombre d\u2019\u00e9l\u00e8ves r\u00e9guli\u00e8rement inscrits dans l\u2019\u00e9cole \u00e0 la date du 30 septembre de l\u2019ann\u00e9e pr\u00e9c\u00e9dente, multipli\u00e9 par un coefficient de 1.2, et est arrondi \u00e0 l\u2019unit\u00e9 sup\u00e9rieure si la premi\u00e8re d\u00e9cimale est \u00e9gale ou sup\u00e9rieure \u00e0 5, \u00e0 l\u2019unit\u00e9 inf\u00e9rieure dans les autres cas. Il est index\u00e9 annuellement en appliquant aux montants de l\u2019ann\u00e9e civile pr\u00e9c\u00e9dente le rapport entre l\u2019indice g\u00e9n\u00e9ral des prix \u00e0 la consommation de janvier de l\u2019ann\u00e9e civile en cours et l\u2019indice de janvier de l\u2019ann\u00e9e civile pr\u00e9c\u00e9dente. Tout pouvoir organisateur ayant re\u00e7u les montants vis\u00e9s \u00e0 l\u2019alin\u00e9a 2 tient \u00e0 la disposition des Services du Gouvernement aux fins de contr\u00f4le, au plus tard pour le 31 janvier de l\u2019ann\u00e9e suivant l\u2019ann\u00e9e scolaire pour laquelle les montants ont \u00e9t\u00e9 accord\u00e9s, les justificatifs de l\u2019ensemble des d\u00e9penses effectu\u00e9es, et ce, pendant une dur\u00e9e de dix ans. Si dans le cadre d\u2019un contr\u00f4le, il apparait que les montants re\u00e7us n\u2019ont pas \u00e9t\u00e9 affect\u00e9s \u00e0 l\u2019achat de fournitures scolaires, \u00e0 l\u2019organisation d\u2019activit\u00e9s scolaires ou de s\u00e9jours p\u00e9dagogiques avec nuit\u00e9e(s), le montant octroy\u00e9 devra \u00eatre ristourn\u00e9 aux Services du Gouvernement dans un d\u00e9lai de soixante jours \u00e0 dater de la notification adress\u00e9e au pouvoir organisateur concern\u00e9. 7 \u00a7 2. Dans l\u2019enseignement maternel, ordinaire et sp\u00e9cialis\u00e9, aucun minerval direct ou indirect ne peut \u00eatre per\u00e7u. Sans pr\u00e9judice du paragraphe 3, un pouvoir organisateur ne peut en aucun cas formuler lors de l\u2019inscription ou lors de la poursuite de la scolarisation dans une \u00e9cole une demande de paiement, directe ou indirecte, facultative ou obligatoire, sous forme d\u2019argent, de services ou de fournitures. Dans l\u2019enseignement primaire et secondaire, ordinaire et sp\u00e9cialis\u00e9, aucun minerval direct ou indirect ne peut \u00eatre per\u00e7u hors les cas pr\u00e9vus, d\u2019une part, par l\u2019article 12, \u00a7 1erbis de la loi du 29 mai 1959 modifiant certaines dispositions de la l\u00e9gislation de l\u2019enseignement et, d\u2019autre part, par l\u2019article 59, \u00a7 1er, de la loi du 21 juin 1985 concernant l\u2019enseignement. Sans pr\u00e9judice des dispositions du pr\u00e9sent alin\u00e9a et des paragraphes 4 \u00e0 6, un pouvoir organisateur ne peut en aucun cas formuler lors de l\u2019inscription ou lors de la poursuite de la scolarisation dans une \u00e9cole une demande de paiement, directe ou indirecte, facultative ou obligatoire, sous forme d\u2019argent, de services ou de fournitures. \u00a7 3. Dans l\u2019enseignement maternel, ordinaire et sp\u00e9cialis\u00e9, sans pr\u00e9judice des alin\u00e9as 2 et 3, aucun frais scolaire ne peut \u00eatre per\u00e7u et aucune fourniture scolaire ne peut \u00eatre r\u00e9clam\u00e9e aux parents ou \u00e0 la personne investie de l\u2019autorit\u00e9 parentale, directement ou indirectement. Seuls les frais scolaires suivants, appr\u00e9ci\u00e9s au co\u00fbt r\u00e9el, peuvent \u00eatre per\u00e7us : 1\u00b0 les droits d\u2019acc\u00e8s \u00e0 la piscine ainsi que les d\u00e9placements6 qui y sont li\u00e9s ; 2\u00b0 les droits d\u2019acc\u00e8s aux activit\u00e9s culturelles et sportives s\u2019inscrivant dans le projet p\u00e9dagogique du pouvoir organisateur ou dans le projet d\u2019\u00e9tablissement ainsi que les d\u00e9placements6qui y sont li\u00e9s. Le Gouvernement arr\u00eate le montant total maximal toutes taxes comprises qu\u2019une \u00e9cole peut r\u00e9clamer par \u00e9l\u00e8ve pour une ann\u00e9e d\u2019\u00e9tude, un groupe d\u2019ann\u00e9es d\u2019\u00e9tude et\/ou pour l\u2019ensemble des ann\u00e9es d\u2019\u00e9tude de l\u2019enseignement maternel ; 3\u00b0 les frais li\u00e9s aux s\u00e9jours p\u00e9dagogiques avec nuit\u00e9e(s) organis\u00e9s par l\u2019\u00e9cole et s\u2019inscrivant dans le projet p\u00e9dagogique du pouvoir organisateur ou dans le projet d\u2019\u00e9tablissement, ainsi que les d\u00e9placements6 qui y sont li\u00e9s. Le Gouvernement fixe le montant total maximal toutes taxes comprises qu\u2019une \u00e9cole peut r\u00e9clamer par \u00e9l\u00e8ve pour une ann\u00e9e d\u2019\u00e9tude, un groupe d\u2019ann\u00e9es d\u2019\u00e9tude et\/ou pour l\u2019ensemble des ann\u00e9es d\u2019\u00e9tude de l\u2019enseignement maternel. Seules les fournitures scolaires suivantes ne sont pas fournies par les \u00e9coles : 1\u00b0 le cartable non garni ; 2\u00b0 le plumier non garni ; 3\u00b0 les tenues vestimentaires et sportives&nbsp;&nbsp;<\/em><\/p>\n<p><em>usuelles de l\u2019\u00e9l\u00e8ve. Aucun fournisseur ou marque de fournitures scolaires, de tenues vestimentaires ou sportives usuelles ou prescriptions qui aboutissent au m\u00eame effet ne peut \u00eatre impos\u00e9 aux parents ou \u00e0 la personne investie de l\u2019autorit\u00e9 parentale. Les frais scolaires autoris\u00e9s vis\u00e9s \u00e0 l\u2019alin\u00e9a 2, 1\u02da \u00e0 3\u02da, ne peuvent pas \u00eatre cumul\u00e9s en vue d\u2019un paiement forfaitaire et unique. Ils sont imput\u00e9s \u00e0 des services pr\u00e9cis et effectivement organis\u00e9s. Les montants fix\u00e9s en application de l\u2019alin\u00e9a 2, 2\u02da et 3\u02da, sont annuellement index\u00e9s en appliquant aux montants de l\u2019ann\u00e9e civile pr\u00e9c\u00e9dente le rapport entre l\u2019indice g\u00e9n\u00e9ral des prix \u00e0 la consommation de janvier de l\u2019ann\u00e9e civile en cours et l\u2019indice de janvier de l\u2019ann\u00e9e civile pr\u00e9c\u00e9dente. \u00a7 4. Dans l\u2019enseignement primaire, ordinaire et sp\u00e9cialis\u00e9, ne sont pas consid\u00e9r\u00e9s comme perception d\u2019un minerval les frais scolaires appr\u00e9ci\u00e9s au co\u00fbt r\u00e9el suivant : 1\u00b0 les droits d\u2019acc\u00e8s \u00e0 la piscine ainsi que les d\u00e9placements6 qui y sont li\u00e9s ; 2\u00b0 les droits d\u2019acc\u00e8s aux activit\u00e9s culturelles et sportives s\u2019inscrivant dans le projet p\u00e9dagogique du pouvoir organisateur ou dans le projet d\u2019\u00e9tablissement ainsi que les d\u00e9placements6 qui y sont li\u00e9s. Le Gouvernement fixe le montant total maximal toutes taxes comprises qu\u2019une \u00e9cole peut r\u00e9clamer par \u00e9l\u00e8ve pour une ann\u00e9e d\u2019\u00e9tude, un groupe d\u2019ann\u00e9es d\u2019\u00e9tude et\/ou sur l\u2019ensemble des ann\u00e9es d\u2019\u00e9tude de l\u2019enseignement primaire ; 3\u00b0 les frais li\u00e9s aux s\u00e9jours p\u00e9dagogiques avec nuit\u00e9e(s) organis\u00e9s par l\u2019\u00e9cole et s\u2019inscrivant dans le projet p\u00e9dagogique du pouvoir organisateur ou dans le projet d\u2019\u00e9tablissement, ainsi que les d\u00e9placements6 qui y sont li\u00e9s. Le Gouvernement fixe le montant total maximal toutes taxes comprises qu\u2019une \u00e9cole peut r\u00e9clamer par \u00e9l\u00e8ve pour une ann\u00e9e d\u2019\u00e9tude, un groupe d\u2019ann\u00e9es d\u2019\u00e9tude et\/ou sur l\u2019ensemble des ann\u00e9es d\u2019\u00e9tude de l\u2019enseignement primaire. Aucun fournisseur ou marque de fournitures scolaires, de tenues vestimentaires ou sportives usuelles ou prescriptions qui aboutissent au m\u00eame effet ne peut \u00eatre impos\u00e9 aux parents ou \u00e0 la personne investie de l\u2019autorit\u00e9 parentale. Les frais scolaires autoris\u00e9s vis\u00e9s \u00e0 l\u2019alin\u00e9a 1er, 1\u02da \u00e0 3\u02da, ne peuvent pas \u00eatre cumul\u00e9s en vue d\u2019un paiement forfaitaire et unique. Ils sont imput\u00e9s \u00e0 des services pr\u00e9cis et effectivement organis\u00e9s. Les montants fix\u00e9s en application de l\u2019alin\u00e9a 1er, 2 et 3\u02da, sont index\u00e9s annuellement en appliquant aux montants de l\u2019ann\u00e9e civile pr\u00e9c\u00e9dente le rapport entre l\u2019indice g\u00e9n\u00e9ral des prix \u00e0 la consommation de janvier de l\u2019ann\u00e9e civile en cours et l\u2019indice de janvier de l\u2019ann\u00e9e civile pr\u00e9c\u00e9dente. 8 \u00a7 5. Dans l\u2019enseignement secondaire, ordinaire et sp\u00e9cialis\u00e9, ne sont pas consid\u00e9r\u00e9s comme perception d\u2019un minerval les frais scolaires appr\u00e9ci\u00e9s au co\u00fbt r\u00e9el suivant : 1\u00b0 les droits d\u2019acc\u00e8s \u00e0 la piscine ainsi que les d\u00e9placements6 qui y sont li\u00e9s ; 2\u00b0 les droits d\u2019acc\u00e8s aux activit\u00e9s culturelles et sportives s\u2019inscrivant dans le projet p\u00e9dagogique du pouvoir organisateur ou dans le projet d\u2019\u00e9tablissement ainsi que les d\u00e9placements6 qui y sont li\u00e9s. Le Gouvernement fixe le montant total maximal toutes taxes comprises qu\u2019une \u00e9cole peut r\u00e9clamer par \u00e9l\u00e8ve pour une ann\u00e9e d\u2019\u00e9tude, un groupe d\u2019ann\u00e9es d\u2019\u00e9tude et\/ou sur l\u2019ensemble des ann\u00e9es d\u2019\u00e9tude de l\u2019enseignement secondaire ; 3\u00b0 les photocopies distribu\u00e9es aux \u00e9l\u00e8ves; sur avis conforme du Conseil g\u00e9n\u00e9ral de concertation pour l\u2019enseignement secondaire, le Gouvernement arr\u00eate le montant maximum du co\u00fbt des photocopies par \u00e9l\u00e8ve qui peut \u00eatre r\u00e9clam\u00e9 au cours d\u2019une ann\u00e9e scolaire ; 4\u00b0 le pr\u00eat de livres scolaires, d\u2019\u00e9quipements personnels et d\u2019outillage ; 5\u00b0 les frais li\u00e9s aux s\u00e9jours p\u00e9dagogiques avec nuit\u00e9e(s) organis\u00e9s par l\u2019\u00e9cole et s\u2019inscrivant dans le projet p\u00e9dagogique du pouvoir organisateur ou dans le projet d\u2019\u00e9tablissement, ainsi que les d\u00e9placements6 qui y sont li\u00e9s. Le Gouvernement fixe le montant total maximal toutes taxes comprises qu\u2019une \u00e9cole peut r\u00e9clamer par \u00e9l\u00e8ve pour une ann\u00e9e d\u2019\u00e9tude, un groupe d\u2019ann\u00e9es d\u2019\u00e9tude et\/ou sur l\u2019ensemble des ann\u00e9es d\u2019\u00e9tude de l\u2019enseignement secondaire. Aucun fournisseur ou marque de fournitures scolaires, de tenues vestimentaires ou sportives usuelles ou prescriptions qui aboutissent au m\u00eame effet ne peut \u00eatre impos\u00e9 \u00e0 l\u2019\u00e9l\u00e8ve majeur ou aux parents ou \u00e0 la personne investie de l\u2019autorit\u00e9 parentale. Les frais scolaires autoris\u00e9s vis\u00e9s \u00e0 l\u2019alin\u00e9a 1er, 1\u02da \u00e0 5\u02da, ne peuvent pas \u00eatre cumul\u00e9s en vue d\u2019un paiement forfaitaire et unique. Ils sont imput\u00e9s \u00e0 des services pr\u00e9cis et effectivement organis\u00e9s. Les montants fix\u00e9s en application de l\u2019alin\u00e9a 1er, 2\u02da et 5\u02da, sont index\u00e9s annuellement en appliquant aux montants de l\u2019ann\u00e9e civile pr\u00e9c\u00e9dente le rapport entre l\u2019indice g\u00e9n\u00e9ral des prix \u00e0 la consommation de janvier de l\u2019ann\u00e9e civile en cours et l\u2019indice de janvier de l\u2019ann\u00e9e civile pr\u00e9c\u00e9dente. \u00a7 6. Dans l\u2019enseignement primaire et secondaire, ordinaire et sp\u00e9cialis\u00e9, les frais scolaires suivants peuvent \u00eatre propos\u00e9s \u00e0 l\u2019\u00e9l\u00e8ve s\u2019il est majeur, ou \u00e0 ses parents ou \u00e0 la personne investie de l\u2019autorit\u00e9 parentale, s\u2019il est mineur, pour autant que le caract\u00e8re facultatif ait \u00e9t\u00e9 explicitement port\u00e9 \u00e0 leur connaissance : 1\u00b0 les achats group\u00e9s ; 2\u00b0 les frais de participation \u00e0 des activit\u00e9s facultatives ; 3\u00b0 les abonnements \u00e0 des revues ; Ils sont propos\u00e9s \u00e0 leur co\u00fbt r\u00e9el pour autant qu\u2019ils soient li\u00e9s au projet p\u00e9dagogique. \u00a7 7. Les pouvoirs organisateurs sont tenus, dans la perception des frais, de respecter les dispositions de l\u2019article 11. Les pouvoirs organisateurs n\u2019impliquent pas les \u00e9l\u00e8ves mineurs dans le processus de paiement et dans le dialogue qu\u2019ils entretiennent avec les parents ou la personne investie de l\u2019autorit\u00e9 parentale \u00e0 propos des frais scolaires et des d\u00e9comptes p\u00e9riodiques.&nbsp;&nbsp;<\/em><\/p>\n<p><em>Le non-paiement des frais ne peut en aucun cas constituer, pour l\u2019\u00e9l\u00e8ve, un motif de refus d\u2019inscription ou d\u2019exclusion d\u00e9finitive ou de toute autre sanction m\u00eame si ces frais figurent dans le projet p\u00e9dagogique ou dans le projet d\u2019\u00e9tablissement. Les pouvoirs organisateurs peuvent, dans l\u2019enseignement primaire et secondaire, ordinaire et sp\u00e9cialis\u00e9, mettre en place un paiement correspondant au co\u00fbt moyen r\u00e9el des frais scolaires vis\u00e9s aux paragraphes 4 et 5. Dans l\u2019enseignement obligatoire, aucun droit ou frais, direct ou indirect, ne peut \u00eatre demand\u00e9 \u00e0 l\u2019\u00e9l\u00e8ve, \u00e0 ses parents ou \u00e0 la personne investie de l\u2019autorit\u00e9 parentale, pour la d\u00e9livrance de ses dipl\u00f4mes et certificats d\u2019enseignement ou de son bulletin scolaire. \u00a7 8. La r\u00e9f\u00e9rence l\u00e9gale et le texte int\u00e9gral du pr\u00e9sent article sont reproduits dans le r\u00e8glement d\u2019ordre int\u00e9rieur de chaque \u00e9cole ainsi que sur l\u2019estimation des frais r\u00e9clam\u00e9s vis\u00e9s \u00e0 l\u2019article 101, \u00a7 1er, et les d\u00e9comptes p\u00e9riodiques vis\u00e9s \u00e0 l\u2019article 101, \u00a7 2.&nbsp;<\/em><\/p>\n<p><span style=\"color: #0000ff;\"><strong><u>Les divers<\/u><\/strong>&nbsp;<\/span><\/p>\n<p><span style=\"color: #008000;\"><u>Informations utiles<\/u>&nbsp;<\/span>&nbsp;<\/p>\n<p>Il ne faut jamais laisser de l\u2019argent ou objet de valeur dans un v\u00eatement ou une mallette. L\u2019\u00e9cole d\u00e9cline toute responsabilit\u00e9 quant \u00e0 la perte ou \u00e0 la d\u00e9t\u00e9rioration de tout objet personnel.&nbsp;<\/p>\n<p>Les \u00e9l\u00e8ves et les parents s\u2019abstiendront de vendre, d\u2019\u00e9changer, d\u2019afficher ou de distribuer quoi que ce soit dans l\u2019\u00e9cole ou aux abords de celle-ci sans autorisation pr\u00e9alable de la Direction.&nbsp;<\/p>\n<p><span style=\"color: #008000;\"><u>L\u2019enfant malade<\/u>&nbsp;<\/span><\/p>\n<p>&#8211; L&rsquo;enfant est confront\u00e9 \u00e0 des probl\u00e8mes de sant\u00e9. L&rsquo;enfant doit \u00eatre en possession de tous ses moyens pour pouvoir effectuer un travail scolaire efficace. S&rsquo;il n&rsquo;est manifestement pas apte \u00e0 suivre le cours, il ne doit pas \u00eatre conduit \u00e0 l&rsquo;\u00e9cole. S&rsquo;il convenait, de mani\u00e8re imp\u00e9rative, qu&rsquo;il prenne des m\u00e9dicaments pendant qu&rsquo;il est \u00e0 l&rsquo;\u00e9cole, la proc\u00e9dure qui suit doit \u00eatre obligatoirement respect\u00e9e :&nbsp;<\/p>\n<p>&#8211; Un certificat m\u00e9dical doit \u00eatre remis au titulaire de classe qui indique clairement l&rsquo;obligation de prendre un m\u00e9dicament pendant les heures de cours, la description du m\u00e9dicament, la posologie et la dur\u00e9e du traitement;&nbsp;<\/p>\n<p>&#8211; Un \u00e9crit \u00e9manant de la personne exer\u00e7ant l&rsquo;autorit\u00e9 parentale sur l&rsquo;\u00e9l\u00e8ve doit \u00eatre remis au titulaire pour demander explicitement la collaboration de l&rsquo;\u00e9cole \u00e0 l&rsquo;occasion de la dispensation du m\u00e9dicament ;&nbsp;<\/p>\n<p>&#8211; Le m\u00e9dicament doit \u00eatre remis au titulaire. Celui-ci d\u00e9cline la responsabilit\u00e9 relative aux cons\u00e9quences possibles dues \u00e0 la dispensation du m\u00e9dicament.&nbsp;<\/p>\n<p><strong>Il est soulign\u00e9 que le personnel enseignant ne dispose d&rsquo;aucune comp\u00e9tence particuli\u00e8re en mati\u00e8re de dispensation d&rsquo;un m\u00e9dicament de sorte que la proc\u00e9dure qui vient d&rsquo;\u00eatre d\u00e9crite est r\u00e9serv\u00e9e au cas o\u00f9 la prise de m\u00e9dicaments pendant les heures d&rsquo;\u00e9cole est indispensable ; il doit s&rsquo;agir de cas exceptionnels.<\/strong>&nbsp;<\/p>\n<p>Si l&rsquo;\u00e9tat de sant\u00e9 de l&rsquo;enfant parait poser probl\u00e8me, la Direction de l&rsquo;\u00e9cole, \u00e0 l&rsquo;intervention du titulaire avertira, par t\u00e9l\u00e9phone, la personne qui exerce l&rsquo;autorit\u00e9 parentale pour que l&rsquo;enfant soit repris. Si le n\u00e9cessaire n&rsquo;est pas fait, la direction prendra toutes les mesures que la situation appelle afin que l&rsquo;enfant puisse, selon le cas, \u00eatre hospitalis\u00e9.&nbsp;<\/p>\n<p>&nbsp;<\/p>\n<p><u>La d\u00e9claration obligatoire des maladies infectieuses<\/u><strong>&nbsp;<\/strong><\/p>\n<p><strong>Il s&rsquo;agit d&rsquo;une obligation de d\u00e9clarer certaines maladies contagieuses.<\/strong><\/p>\n<p>La d\u00e9claration n&rsquo;a pas pour objectif d&rsquo;identifier les personnes malades, mais de permettre de prendre si n\u00e9cessaire des mesures prophylactiques et de d\u00e9pistages inh\u00e9rents \u00e0 la maladie.<\/p>\n<p>Le service de l&rsquo;inspection de l&rsquo;hygi\u00e8ne est soumis au <u>secret m\u00e9dical<\/u>.<\/p>\n<p>La liste des maladies et des mesures \u00e0 prendre sont reprises dans l&rsquo;Arr\u00eat\u00e9 du Gouvernement de la F\u00e9d\u00e9ration Wallonie-Bruxelles, ainsi que sur le document du centre de sant\u00e9 que vous trouverez en annexe dans le fascicule.<\/p>\n<p>Apr\u00e8s consultation de votre m\u00e9decin traitant, vous devez d\u00e9clarer <u>imm\u00e9diatement<\/u> le type de maladie <u>\u00e0 la direction <\/u>de l&rsquo;\u00e9tablissement scolaire qui prendra les mesures ad\u00e9quates concernant la protection des autres \u00e9l\u00e8ves et l&rsquo;\u00e9quipe \u00e9ducative.<\/p>\n<p>&nbsp;<\/p>\n<p>&nbsp;<strong>Merci de votre compr\u00e9hension et collaboration.<\/strong><strong> &nbsp;&nbsp;&nbsp;&nbsp;&nbsp;&nbsp;&nbsp;&nbsp;&nbsp;&nbsp;&nbsp;&nbsp;&nbsp;&nbsp;&nbsp;&nbsp;&nbsp;&nbsp;&nbsp;&nbsp;&nbsp;&nbsp;&nbsp;&nbsp;&nbsp;&nbsp;&nbsp;&nbsp;&nbsp;&nbsp;&nbsp;&nbsp;&nbsp;&nbsp;&nbsp;&nbsp;&nbsp;&nbsp;&nbsp;&nbsp;&nbsp;&nbsp;&nbsp;&nbsp;&nbsp;&nbsp;&nbsp;&nbsp;&nbsp;&nbsp;&nbsp;&nbsp;&nbsp;&nbsp;&nbsp;&nbsp;&nbsp;&nbsp;&nbsp;&nbsp;&nbsp;&nbsp;&nbsp;&nbsp;&nbsp;&nbsp;&nbsp;&nbsp;&nbsp;&nbsp;&nbsp;&nbsp;&nbsp;&nbsp; <\/strong><strong>&nbsp;&nbsp;&nbsp;&nbsp;&nbsp;&nbsp;&nbsp;&nbsp;&nbsp;&nbsp;&nbsp;&nbsp;&nbsp;&nbsp;&nbsp;&nbsp;&nbsp;&nbsp;&nbsp;&nbsp;&nbsp;&nbsp;&nbsp;&nbsp;&nbsp;&nbsp;&nbsp;&nbsp;&nbsp; <\/strong><\/p>\n<p><span style=\"color: #0000ff;\"><u>La visite m\u00e9dicale scolaire&nbsp;<\/u>&nbsp;<\/span><\/p>\n<p>La visite m\u00e9dicale scolaire impos\u00e9e par la loi a lieu au Centre de Sant\u00e9, rue de Sluse 17 \u2013 4600 VISE \u2013&nbsp;&nbsp;t\u00e9l 04\/370.66.92&nbsp;<\/p>\n<p>Au terme de la loi, les parents sont cens\u00e9s accepter l\u2019\u00e9quipe m\u00e9dicale du centre, sauf notification \u00e9crite de leur part dans les quinze jours de la rentr\u00e9e. Dans ce cas, ils doivent choisir un autre centre m\u00e9dical scolaire.&nbsp;&nbsp;<\/p>\n<p><u>La tutelle psycho-m\u00e9dico-sociale<\/u>&nbsp;<\/p>\n<p>Le centre Psycho-M\u00e9dico-Social (P.M.S.) est un partenaire privil\u00e9gi\u00e9 des parents et de l\u2019\u00e9cole. Il participe avec eux \u00e0 leur mission \u00e9ducative et veille au d\u00e9veloppement harmonieux des enfants.&nbsp;<\/p>\n<p>Le centre Psycho-M\u00e9dico-Social (P.M.S.) libre Li\u00e8ge 3, est sis rue Louvrex 70 \u00e0 LIEGE. T\u00e9l\u202f: 04\/254.97.40&nbsp;<\/p>\n<p>&nbsp;<\/p>\n<p><span style=\"color: #0000ff;\"><u>Les rencontres \u00ab\u202fparents\/enseignants\u202f\u00bb<\/u>&nbsp;<\/span><\/p>\n<p>La pr\u00e9sence des parents aux r\u00e9unions et s\u00e9ances d\u2019information rev\u00eat souvent <strong><u>une importance capitale<\/u><\/strong> pour la r\u00e9ussite scolaire de l\u2019\u00e9l\u00e8ve. En cas de probl\u00e8mes particuliers, les parents peuvent toujours solliciter une entrevue avec le titulaire ou avec la direction de l\u2019\u00e9cole. Au cas o\u00f9 les parents auraient un comportement marquant le refus d\u2019adh\u00e9rer aux diff\u00e9rents projets et r\u00e8glements repris ci-dessus, le Pouvoir organisateur se r\u00e9serve le droit de refuser l\u2019inscription de l\u2019\u00e9l\u00e8ve.&nbsp;<\/p>\n<p><strong>&nbsp;<\/strong><\/p>\n<p><strong>&nbsp;<\/strong><\/p>\n<p><strong>&nbsp;<\/strong><\/p>\n<p><strong>&nbsp;<\/strong><\/p>\n<p><strong>&nbsp;<\/strong><\/p>\n<p>&nbsp;<\/p>\n<hr>\n<p>&nbsp;<\/p>\n\n\n<p><\/p>\n","protected":false},"excerpt":{"rendered":"<p>Le Pouvoir Organisateur d\u00e9clare que l\u2019\u00e9cole appartient \u00e0 l\u2019enseignement confessionnel et plus pr\u00e9cis\u00e9ment \u00e0 l\u2019enseignement catholique. Il s\u2019est en effet engag\u00e9 \u00e0 l\u2019\u00e9gard des parents \u00e0 enseigner et \u00e0 \u00e9duquer les \u00e9l\u00e8ves en faisant r\u00e9f\u00e9rence \u00e0 J\u00e9sus-Christ et aux valeurs de l\u2019Evangile. Le projet \u00e9ducatif et p\u00e9dagogique du Pouvoir Organisateur dit comment celui-ci entend soutenir &hellip; <\/p>\n<p class=\"link-more\"><a href=\"https:\/\/notredamedestremy.be\/?page_id=751\" class=\"more-link\">Continuer la lecture<span class=\"screen-reader-text\"> de &laquo;&nbsp;R\u00c8GLEMENT D&rsquo;ORDRE INT\u00c9RIEUR&nbsp;&raquo;<\/span><\/a><\/p>\n","protected":false},"author":1,"featured_media":0,"parent":0,"menu_order":0,"comment_status":"closed","ping_status":"closed","template":"","meta":{"ngg_post_thumbnail":0},"_links":{"self":[{"href":"https:\/\/notredamedestremy.be\/index.php?rest_route=\/wp\/v2\/pages\/751"}],"collection":[{"href":"https:\/\/notredamedestremy.be\/index.php?rest_route=\/wp\/v2\/pages"}],"about":[{"href":"https:\/\/notredamedestremy.be\/index.php?rest_route=\/wp\/v2\/types\/page"}],"author":[{"embeddable":true,"href":"https:\/\/notredamedestremy.be\/index.php?rest_route=\/wp\/v2\/users\/1"}],"replies":[{"embeddable":true,"href":"https:\/\/notredamedestremy.be\/index.php?rest_route=%2Fwp%2Fv2%2Fcomments&post=751"}],"version-history":[{"count":7,"href":"https:\/\/notredamedestremy.be\/index.php?rest_route=\/wp\/v2\/pages\/751\/revisions"}],"predecessor-version":[{"id":2214,"href":"https:\/\/notredamedestremy.be\/index.php?rest_route=\/wp\/v2\/pages\/751\/revisions\/2214"}],"wp:attachment":[{"href":"https:\/\/notredamedestremy.be\/index.php?rest_route=%2Fwp%2Fv2%2Fmedia&parent=751"}],"curies":[{"name":"wp","href":"https:\/\/api.w.org\/{rel}","templated":true}]}}